{"id":423,"date":"2026-01-02T11:53:56","date_gmt":"2026-01-02T15:53:56","guid":{"rendered":"https:\/\/radiocristonosune.org\/?page_id=423"},"modified":"2026-01-30T05:41:49","modified_gmt":"2026-01-30T09:41:49","slug":"programacion","status":"publish","type":"page","link":"https:\/\/radiocristonosune.org\/en\/programacion\/","title":{"rendered":"Programming"},"content":{"rendered":"<div id=\"wp-block-themeisle-blocks-advanced-columns-17417fc2\" class=\"wp-block-themeisle-blocks-advanced-columns alignfull has-1-columns has-desktop-equal-layout has-tablet-equal-layout has-mobile-equal-layout has-vertical-unset\"><div class=\"wp-block-themeisle-blocks-advanced-columns-overlay\"><\/div><div class=\"innerblocks-wrap\">\n<div id=\"wp-block-themeisle-blocks-advanced-column-14a56319\" class=\"wp-block-themeisle-blocks-advanced-column\">\n<h1 id=\"wp-block-themeisle-blocks-advanced-heading-7219cdff\" class=\"wp-block-themeisle-blocks-advanced-heading wp-block-themeisle-blocks-advanced-heading-7219cdff\">Programming<\/h1>\n\n\n\n<p class=\"has-text-align-center has-white-color has-text-color\" style=\"font-size:22px\">Descubre nuestra programaci\u00f3n diaria, creada para edificar tu fe y acompa\u00f1arte en todo momento. Espacios donde Cristo nos une, a trav\u00e9s de la m\u00fasica, la Palabra y la oraci\u00f3n.<\/p>\n<\/div>\n<\/div><\/div>\n\n\n\n<section id=\"wp-block-themeisle-blocks-advanced-columns-3ead913c\" class=\"wp-block-themeisle-blocks-advanced-columns alignfull has-1-columns has-desktop-equal-layout has-tablet-equal-layout has-mobile-equal-layout has-vertical-center\"><div class=\"wp-block-themeisle-blocks-advanced-columns-overlay\"><\/div><div class=\"innerblocks-wrap\">\n<div id=\"wp-block-themeisle-blocks-advanced-column-dbff4dfb\" class=\"wp-block-themeisle-blocks-advanced-column\">\n<h2 id=\"wp-block-themeisle-blocks-advanced-heading-97540614\" class=\"wp-block-themeisle-blocks-advanced-heading wp-block-themeisle-blocks-advanced-heading-97540614\">Lunes<\/h2>\n\n\n<div class=\"is-style-tiled wp-block-themeisle-blocks-posts-grid\" id=\"wp-block-themeisle-blocks-posts-grid-fa15bdc8\"><div class=\"is-grid o-posts-grid-columns-3\"><div class=\"o-posts-grid-post-blog o-posts-grid-post-plain\" style=\"background-image: url(https:\/\/radiocristonosune.org\/wp-content\/uploads\/2026\/01\/image.jpg-150x150.jpg); background-size: cover; background-position: center center;\"><div class=\"o-posts-grid-post\"><div class=\"o-posts-grid-post-body\"><h4 class=\"o-posts-grid-post-title\"><a href=\"https:\/\/radiocristonosune.org\/en\/testimonios-que-inspiran\/\">Testimonios que Inspiran<\/a><\/h4><div class=\"o-posts-grid-post-description\"><p>un programa de Radio Cristo nos Une dedicado exclusivamente a entrevistas, donde las personas, inclu\u2026<\/p><\/div><\/div><\/div><\/div><div class=\"o-posts-grid-post-blog o-posts-grid-post-plain\" style=\"background-image: url(https:\/\/radiocristonosune.org\/wp-content\/uploads\/2026\/01\/725fc71b-5c79-4e9a-8385-11985172474d-150x150.jpg); background-size: cover; background-position: center center;\"><div class=\"o-posts-grid-post\"><div class=\"o-posts-grid-post-body\"><h4 class=\"o-posts-grid-post-title\"><a href=\"https:\/\/radiocristonosune.org\/en\/tardes-de-bendicion-con-jocelyn\/\">Tardes de Bendici\u00f3n con Jocelyn<\/a><\/h4><div class=\"o-posts-grid-post-description\"><p>un programa variado y cristiano de Radio Cristo nos Une, dedicado primeramente a Dios. Un espacio ll\u2026<\/p><\/div><\/div><\/div><\/div><div class=\"o-posts-grid-post-blog o-posts-grid-post-plain\" style=\"background-image: url(https:\/\/radiocristonosune.org\/wp-content\/uploads\/2026\/01\/5472c2ae-1b6f-4f7b-bbbb-7c389073ea08-150x150.jpg); background-size: cover; background-position: center center;\"><div class=\"o-posts-grid-post\"><div class=\"o-posts-grid-post-body\"><h4 class=\"o-posts-grid-post-title\"><a href=\"https:\/\/radiocristonosune.org\/en\/dejandolo-en-las-manos-de-dios\/\">Dej\u00e1ndolo en las Manos de Dios<\/a><\/h4><div class=\"o-posts-grid-post-description\"><p>programa de oraci\u00f3n donde puedes enviar tus peticiones, compartir tus cargas y confiar cada situaci\u00f3\u2026<\/p><\/div><\/div><\/div><\/div><\/div> <\/div><\/div>\n<\/div><\/section>\n\n\n\n<section id=\"wp-block-themeisle-blocks-advanced-columns-997a7428\" class=\"nv-cv-m wp-block-themeisle-blocks-advanced-columns alignfull has-1-columns has-desktop-equal-layout has-tablet-equal-layout has-mobile-equal-layout has-vertical-center\"><div class=\"wp-block-themeisle-blocks-advanced-columns-overlay\"><\/div><div class=\"innerblocks-wrap\">\n<div id=\"wp-block-themeisle-blocks-advanced-column-8b740d05\" class=\"wp-block-themeisle-blocks-advanced-column\">\n<h2 id=\"wp-block-themeisle-blocks-advanced-heading-070528e6\" class=\"wp-block-themeisle-blocks-advanced-heading wp-block-themeisle-blocks-advanced-heading-070528e6\">Martes<\/h2>\n\n\n<div class=\"is-style-tiled wp-block-themeisle-blocks-posts-grid\" id=\"wp-block-themeisle-blocks-posts-grid-95512988\"><div class=\"is-grid o-posts-grid-columns-3\"><div class=\"o-posts-grid-post-blog o-posts-grid-post-plain\" style=\"background-image: url(https:\/\/radiocristonosune.org\/wp-content\/uploads\/2026\/01\/image.jpg.jpg); background-size: cover; background-position: center center;\"><div class=\"o-posts-grid-post\"><div class=\"o-posts-grid-post-body\"><h4 class=\"o-posts-grid-post-title\"><a href=\"https:\/\/radiocristonosune.org\/en\/testimonios-que-inspiran\/\">Testimonios que Inspiran<\/a><\/h4><div class=\"o-posts-grid-post-description\"><p>un programa de Radio Cristo nos Une dedicado exclusivamente a entrevistas, donde las personas, inclu\u2026<\/p><\/div><\/div><\/div><\/div><div class=\"o-posts-grid-post-blog o-posts-grid-post-plain\" style=\"background-image: url(https:\/\/radiocristonosune.org\/wp-content\/uploads\/2026\/01\/725fc71b-5c79-4e9a-8385-11985172474d.jpg); background-size: cover; background-position: center center;\"><div class=\"o-posts-grid-post\"><div class=\"o-posts-grid-post-body\"><h4 class=\"o-posts-grid-post-title\"><a href=\"https:\/\/radiocristonosune.org\/en\/tardes-de-bendicion-con-jocelyn\/\">Tardes de Bendici\u00f3n con Jocelyn<\/a><\/h4><div class=\"o-posts-grid-post-description\"><p>un programa variado y cristiano de Radio Cristo nos Une, dedicado primeramente a Dios. Un espacio ll\u2026<\/p><\/div><\/div><\/div><\/div><div class=\"o-posts-grid-post-blog o-posts-grid-post-plain\" style=\"background-image: url(https:\/\/radiocristonosune.org\/wp-content\/uploads\/2026\/01\/5472c2ae-1b6f-4f7b-bbbb-7c389073ea08.jpg); background-size: cover; background-position: center center;\"><div class=\"o-posts-grid-post\"><div class=\"o-posts-grid-post-body\"><h4 class=\"o-posts-grid-post-title\"><a href=\"https:\/\/radiocristonosune.org\/en\/dejandolo-en-las-manos-de-dios\/\">Dej\u00e1ndolo en las Manos de Dios<\/a><\/h4><div class=\"o-posts-grid-post-description\"><p>programa de oraci\u00f3n donde puedes enviar tus peticiones, compartir tus cargas y confiar cada situaci\u00f3\u2026<\/p><\/div><\/div><\/div><\/div><\/div> <\/div><\/div>\n<\/div><\/section>\n\n\n\n<section id=\"wp-block-themeisle-blocks-advanced-columns-8dba2fe6\" class=\"nv-cv-m wp-block-themeisle-blocks-advanced-columns alignfull has-1-columns has-desktop-equal-layout has-tablet-equal-layout has-mobile-equal-layout has-vertical-center\"><div class=\"wp-block-themeisle-blocks-advanced-columns-overlay\"><\/div><div class=\"innerblocks-wrap\">\n<div id=\"wp-block-themeisle-blocks-advanced-column-6a44c77c\" class=\"wp-block-themeisle-blocks-advanced-column\">\n<h2 id=\"wp-block-themeisle-blocks-advanced-heading-1a1e2fa2\" class=\"wp-block-themeisle-blocks-advanced-heading wp-block-themeisle-blocks-advanced-heading-1a1e2fa2\">Miercoles<\/h2>\n\n\n<div class=\"is-style-tiled wp-block-themeisle-blocks-posts-grid\" id=\"wp-block-themeisle-blocks-posts-grid-a8bb5260\"><div class=\"is-grid o-posts-grid-columns-3\"><div class=\"o-posts-grid-post-blog o-posts-grid-post-plain\" style=\"background-image: url(https:\/\/radiocristonosune.org\/wp-content\/uploads\/2026\/01\/image.jpg.jpg); background-size: cover; background-position: center center;\"><div class=\"o-posts-grid-post\"><div class=\"o-posts-grid-post-body\"><h4 class=\"o-posts-grid-post-title\"><a href=\"https:\/\/radiocristonosune.org\/en\/testimonios-que-inspiran\/\">Testimonios que Inspiran<\/a><\/h4><div class=\"o-posts-grid-post-description\"><p>un programa de Radio Cristo nos Une dedicado exclusivamente a entrevistas, donde las personas, inclu\u2026<\/p><\/div><\/div><\/div><\/div><div class=\"o-posts-grid-post-blog o-posts-grid-post-plain\" style=\"background-image: url(https:\/\/radiocristonosune.org\/wp-content\/uploads\/2026\/01\/725fc71b-5c79-4e9a-8385-11985172474d.jpg); background-size: cover; background-position: center center;\"><div class=\"o-posts-grid-post\"><div class=\"o-posts-grid-post-body\"><h4 class=\"o-posts-grid-post-title\"><a href=\"https:\/\/radiocristonosune.org\/en\/tardes-de-bendicion-con-jocelyn\/\">Tardes de Bendici\u00f3n con Jocelyn<\/a><\/h4><div class=\"o-posts-grid-post-description\"><p>un programa variado y cristiano de Radio Cristo nos Une, dedicado primeramente a Dios. Un espacio ll\u2026<\/p><\/div><\/div><\/div><\/div><div class=\"o-posts-grid-post-blog o-posts-grid-post-plain\" style=\"background-image: url(https:\/\/radiocristonosune.org\/wp-content\/uploads\/2026\/01\/5472c2ae-1b6f-4f7b-bbbb-7c389073ea08.jpg); background-size: cover; background-position: center center;\"><div class=\"o-posts-grid-post\"><div class=\"o-posts-grid-post-body\"><h4 class=\"o-posts-grid-post-title\"><a href=\"https:\/\/radiocristonosune.org\/en\/dejandolo-en-las-manos-de-dios\/\">Dej\u00e1ndolo en las Manos de Dios<\/a><\/h4><div class=\"o-posts-grid-post-description\"><p>programa de oraci\u00f3n donde puedes enviar tus peticiones, compartir tus cargas y confiar cada situaci\u00f3\u2026<\/p><\/div><\/div><\/div><\/div><\/div> <\/div><\/div>\n<\/div><\/section>\n\n\n\n<section id=\"wp-block-themeisle-blocks-advanced-columns-e4963163\" class=\"nv-cv-d nv-cv-m wp-block-themeisle-blocks-advanced-columns alignfull has-1-columns has-desktop-equal-layout has-tablet-equal-layout has-mobile-equal-layout has-vertical-center\"><div class=\"wp-block-themeisle-blocks-advanced-columns-overlay\"><\/div><div class=\"innerblocks-wrap\">\n<div id=\"wp-block-themeisle-blocks-advanced-column-8d8eb9b7\" class=\"wp-block-themeisle-blocks-advanced-column\">\n<h2 id=\"wp-block-themeisle-blocks-advanced-heading-8288ac84\" class=\"wp-block-themeisle-blocks-advanced-heading wp-block-themeisle-blocks-advanced-heading-8288ac84\">Jueves<\/h2>\n\n\n<div class=\"is-style-tiled wp-block-themeisle-blocks-posts-grid\" id=\"wp-block-themeisle-blocks-posts-grid-37f9e98c\"><div class=\"is-grid o-posts-grid-columns-3\"><div class=\"o-posts-grid-post-blog o-posts-grid-post-plain\" style=\"background-image: url(https:\/\/radiocristonosune.org\/wp-content\/uploads\/2026\/01\/image.jpg.jpg); background-size: cover; background-position: center center;\"><div class=\"o-posts-grid-post\"><div class=\"o-posts-grid-post-body\"><h4 class=\"o-posts-grid-post-title\"><a href=\"https:\/\/radiocristonosune.org\/en\/testimonios-que-inspiran\/\">Testimonios que Inspiran<\/a><\/h4><div class=\"o-posts-grid-post-description\"><p>un programa de Radio Cristo nos Une dedicado exclusivamente a entrevistas, donde las personas, inclu\u2026<\/p><\/div><\/div><\/div><\/div><div class=\"o-posts-grid-post-blog o-posts-grid-post-plain\" style=\"background-image: url(https:\/\/radiocristonosune.org\/wp-content\/uploads\/2026\/01\/725fc71b-5c79-4e9a-8385-11985172474d.jpg); background-size: cover; background-position: center center;\"><div class=\"o-posts-grid-post\"><div class=\"o-posts-grid-post-body\"><h4 class=\"o-posts-grid-post-title\"><a href=\"https:\/\/radiocristonosune.org\/en\/tardes-de-bendicion-con-jocelyn\/\">Tardes de Bendici\u00f3n con Jocelyn<\/a><\/h4><div class=\"o-posts-grid-post-description\"><p>un programa variado y cristiano de Radio Cristo nos Une, dedicado primeramente a Dios. Un espacio ll\u2026<\/p><\/div><\/div><\/div><\/div><div class=\"o-posts-grid-post-blog o-posts-grid-post-plain\" style=\"background-image: url(https:\/\/radiocristonosune.org\/wp-content\/uploads\/2026\/01\/5472c2ae-1b6f-4f7b-bbbb-7c389073ea08.jpg); background-size: cover; background-position: center center;\"><div class=\"o-posts-grid-post\"><div class=\"o-posts-grid-post-body\"><h4 class=\"o-posts-grid-post-title\"><a href=\"https:\/\/radiocristonosune.org\/en\/dejandolo-en-las-manos-de-dios\/\">Dej\u00e1ndolo en las Manos de Dios<\/a><\/h4><div class=\"o-posts-grid-post-description\"><p>programa de oraci\u00f3n donde puedes enviar tus peticiones, compartir tus cargas y confiar cada situaci\u00f3\u2026<\/p><\/div><\/div><\/div><\/div><\/div> <\/div><\/div>\n<\/div><\/section>\n\n\n\n<section id=\"wp-block-themeisle-blocks-advanced-columns-906d6cf9\" class=\"nv-cv-d nv-cv-m wp-block-themeisle-blocks-advanced-columns alignfull has-1-columns has-desktop-equal-layout has-tablet-equal-layout has-mobile-equal-layout has-vertical-center\"><div class=\"wp-block-themeisle-blocks-advanced-columns-overlay\"><\/div><div class=\"innerblocks-wrap\">\n<div id=\"wp-block-themeisle-blocks-advanced-column-a14d684b\" class=\"wp-block-themeisle-blocks-advanced-column\">\n<h2 id=\"wp-block-themeisle-blocks-advanced-heading-72900c22\" class=\"wp-block-themeisle-blocks-advanced-heading wp-block-themeisle-blocks-advanced-heading-72900c22\">Viernes<\/h2>\n\n\n<div class=\"is-style-tiled wp-block-themeisle-blocks-posts-grid\" id=\"wp-block-themeisle-blocks-posts-grid-4421d18b\"><div class=\"is-grid o-posts-grid-columns-3\"><div class=\"o-posts-grid-post-blog o-posts-grid-post-plain\" style=\"background-image: url(https:\/\/radiocristonosune.org\/wp-content\/uploads\/2026\/01\/image.jpg.jpg); background-size: cover; background-position: center center;\"><div class=\"o-posts-grid-post\"><div class=\"o-posts-grid-post-body\"><h4 class=\"o-posts-grid-post-title\"><a href=\"https:\/\/radiocristonosune.org\/en\/testimonios-que-inspiran\/\">Testimonios que Inspiran<\/a><\/h4><div class=\"o-posts-grid-post-description\"><p>un programa de Radio Cristo nos Une dedicado exclusivamente a entrevistas, donde las personas, inclu\u2026<\/p><\/div><\/div><\/div><\/div><div class=\"o-posts-grid-post-blog o-posts-grid-post-plain\" style=\"background-image: url(https:\/\/radiocristonosune.org\/wp-content\/uploads\/2026\/01\/725fc71b-5c79-4e9a-8385-11985172474d.jpg); background-size: cover; background-position: center center;\"><div class=\"o-posts-grid-post\"><div class=\"o-posts-grid-post-body\"><h4 class=\"o-posts-grid-post-title\"><a href=\"https:\/\/radiocristonosune.org\/en\/tardes-de-bendicion-con-jocelyn\/\">Tardes de Bendici\u00f3n con Jocelyn<\/a><\/h4><div class=\"o-posts-grid-post-description\"><p>un programa variado y cristiano de Radio Cristo nos Une, dedicado primeramente a Dios. Un espacio ll\u2026<\/p><\/div><\/div><\/div><\/div><div class=\"o-posts-grid-post-blog o-posts-grid-post-plain\" style=\"background-image: url(https:\/\/radiocristonosune.org\/wp-content\/uploads\/2026\/01\/5472c2ae-1b6f-4f7b-bbbb-7c389073ea08.jpg); background-size: cover; background-position: center center;\"><div class=\"o-posts-grid-post\"><div class=\"o-posts-grid-post-body\"><h4 class=\"o-posts-grid-post-title\"><a href=\"https:\/\/radiocristonosune.org\/en\/dejandolo-en-las-manos-de-dios\/\">Dej\u00e1ndolo en las Manos de Dios<\/a><\/h4><div class=\"o-posts-grid-post-description\"><p>programa de oraci\u00f3n donde puedes enviar tus peticiones, compartir tus cargas y confiar cada situaci\u00f3\u2026<\/p><\/div><\/div><\/div><\/div><\/div> <\/div><\/div>\n<\/div><\/section>\n\n\n\n<section id=\"wp-block-themeisle-blocks-advanced-columns-99911a15\" class=\"nv-cv-d nv-cv-m wp-block-themeisle-blocks-advanced-columns alignfull has-1-columns has-desktop-equal-layout has-tablet-equal-layout has-mobile-equal-layout has-vertical-center\"><div class=\"wp-block-themeisle-blocks-advanced-columns-overlay\"><\/div><div class=\"innerblocks-wrap\">\n<div id=\"wp-block-themeisle-blocks-advanced-column-95a8fd6e\" class=\"wp-block-themeisle-blocks-advanced-column\">\n<h2 id=\"wp-block-themeisle-blocks-advanced-heading-d2e1d271\" class=\"wp-block-themeisle-blocks-advanced-heading wp-block-themeisle-blocks-advanced-heading-d2e1d271\">Sabado<\/h2>\n\n\n<div class=\"is-style-tiled wp-block-themeisle-blocks-posts-grid\" id=\"wp-block-themeisle-blocks-posts-grid-8a41843c\"><div class=\"is-grid o-posts-grid-columns-3\"><div class=\"o-posts-grid-post-blog o-posts-grid-post-plain\" style=\"background-image: url(https:\/\/radiocristonosune.org\/wp-content\/uploads\/2026\/01\/image.jpg.jpg); background-size: cover; background-position: center center;\"><div class=\"o-posts-grid-post\"><div class=\"o-posts-grid-post-body\"><h4 class=\"o-posts-grid-post-title\"><a href=\"https:\/\/radiocristonosune.org\/en\/testimonios-que-inspiran\/\">Testimonios que Inspiran<\/a><\/h4><div class=\"o-posts-grid-post-description\"><p>un programa de Radio Cristo nos Une dedicado exclusivamente a entrevistas, donde las personas, inclu\u2026<\/p><\/div><\/div><\/div><\/div><div class=\"o-posts-grid-post-blog o-posts-grid-post-plain\" style=\"background-image: url(https:\/\/radiocristonosune.org\/wp-content\/uploads\/2026\/01\/725fc71b-5c79-4e9a-8385-11985172474d.jpg); background-size: cover; background-position: center center;\"><div class=\"o-posts-grid-post\"><div class=\"o-posts-grid-post-body\"><h4 class=\"o-posts-grid-post-title\"><a href=\"https:\/\/radiocristonosune.org\/en\/tardes-de-bendicion-con-jocelyn\/\">Tardes de Bendici\u00f3n con Jocelyn<\/a><\/h4><div class=\"o-posts-grid-post-description\"><p>un programa variado y cristiano de Radio Cristo nos Une, dedicado primeramente a Dios. Un espacio ll\u2026<\/p><\/div><\/div><\/div><\/div><div class=\"o-posts-grid-post-blog o-posts-grid-post-plain\" style=\"background-image: url(https:\/\/radiocristonosune.org\/wp-content\/uploads\/2026\/01\/5472c2ae-1b6f-4f7b-bbbb-7c389073ea08.jpg); background-size: cover; background-position: center center;\"><div class=\"o-posts-grid-post\"><div class=\"o-posts-grid-post-body\"><h4 class=\"o-posts-grid-post-title\"><a href=\"https:\/\/radiocristonosune.org\/en\/dejandolo-en-las-manos-de-dios\/\">Dej\u00e1ndolo en las Manos de Dios<\/a><\/h4><div class=\"o-posts-grid-post-description\"><p>programa de oraci\u00f3n donde puedes enviar tus peticiones, compartir tus cargas y confiar cada situaci\u00f3\u2026<\/p><\/div><\/div><\/div><\/div><\/div> <\/div><\/div>\n<\/div><\/section>\n\n\n\n<section id=\"wp-block-themeisle-blocks-advanced-columns-4f8d24df\" class=\"nv-cv-d nv-cv-m wp-block-themeisle-blocks-advanced-columns alignfull has-1-columns has-desktop-equal-layout has-tablet-equal-layout has-mobile-equal-layout has-vertical-center\"><div class=\"wp-block-themeisle-blocks-advanced-columns-overlay\"><\/div><div class=\"innerblocks-wrap\">\n<div id=\"wp-block-themeisle-blocks-advanced-column-c38dc5de\" class=\"wp-block-themeisle-blocks-advanced-column\">\n<h2 id=\"wp-block-themeisle-blocks-advanced-heading-616f4e0d\" class=\"wp-block-themeisle-blocks-advanced-heading wp-block-themeisle-blocks-advanced-heading-616f4e0d\">Domingo<\/h2>\n\n\n<div class=\"is-style-tiled wp-block-themeisle-blocks-posts-grid\" id=\"wp-block-themeisle-blocks-posts-grid-dd295bd2\"><div class=\"is-grid o-posts-grid-columns-3\"><div class=\"o-posts-grid-post-blog o-posts-grid-post-plain\" style=\"background-image: url(https:\/\/radiocristonosune.org\/wp-content\/uploads\/2026\/01\/image.jpg.jpg); background-size: cover; background-position: center center;\"><div class=\"o-posts-grid-post\"><div class=\"o-posts-grid-post-body\"><h4 class=\"o-posts-grid-post-title\"><a href=\"https:\/\/radiocristonosune.org\/en\/testimonios-que-inspiran\/\">Testimonios que Inspiran<\/a><\/h4><div class=\"o-posts-grid-post-description\"><p>un programa de Radio Cristo nos Une dedicado exclusivamente a entrevistas, donde las personas, inclu\u2026<\/p><\/div><\/div><\/div><\/div><div class=\"o-posts-grid-post-blog o-posts-grid-post-plain\" style=\"background-image: url(https:\/\/radiocristonosune.org\/wp-content\/uploads\/2026\/01\/725fc71b-5c79-4e9a-8385-11985172474d.jpg); background-size: cover; background-position: center center;\"><div class=\"o-posts-grid-post\"><div class=\"o-posts-grid-post-body\"><h4 class=\"o-posts-grid-post-title\"><a href=\"https:\/\/radiocristonosune.org\/en\/tardes-de-bendicion-con-jocelyn\/\">Tardes de Bendici\u00f3n con Jocelyn<\/a><\/h4><div class=\"o-posts-grid-post-description\"><p>un programa variado y cristiano de Radio Cristo nos Une, dedicado primeramente a Dios. Un espacio ll\u2026<\/p><\/div><\/div><\/div><\/div><div class=\"o-posts-grid-post-blog o-posts-grid-post-plain\" style=\"background-image: url(https:\/\/radiocristonosune.org\/wp-content\/uploads\/2026\/01\/5472c2ae-1b6f-4f7b-bbbb-7c389073ea08.jpg); background-size: cover; background-position: center center;\"><div class=\"o-posts-grid-post\"><div class=\"o-posts-grid-post-body\"><h4 class=\"o-posts-grid-post-title\"><a href=\"https:\/\/radiocristonosune.org\/en\/dejandolo-en-las-manos-de-dios\/\">Dej\u00e1ndolo en las Manos de Dios<\/a><\/h4><div class=\"o-posts-grid-post-description\"><p>programa de oraci\u00f3n donde puedes enviar tus peticiones, compartir tus cargas y confiar cada situaci\u00f3\u2026<\/p><\/div><\/div><\/div><\/div><\/div> <\/div><\/div>\n<\/div><\/section>","protected":false},"excerpt":{"rendered":"","protected":false},"author":1,"featured_media":0,"parent":0,"menu_order":0,"comment_status":"closed","ping_status":"closed","template":"page-templates\/template-pagebuilder-full-width.php","meta":{"neve_meta_sidebar":"","neve_meta_container":"","neve_meta_enable_content_width":"","neve_meta_content_width":0,"neve_meta_title_alignment":"","neve_meta_author_avatar":"","neve_post_elements_order":"","neve_meta_disable_header":"","neve_meta_disable_footer":"","neve_meta_disable_title":"","neve_meta_reading_time":"","_themeisle_gutenberg_block_has_review":false,"_joinchat":[],"footnotes":""},"class_list":["post-423","page","type-page","status-publish","hentry"],"jetpack_sharing_enabled":true,"_links":{"self":[{"href":"https:\/\/radiocristonosune.org\/en\/wp-json\/wp\/v2\/pages\/423","targetHints":{"allow":["GET"]}}],"collection":[{"href":"https:\/\/radiocristonosune.org\/en\/wp-json\/wp\/v2\/pages"}],"about":[{"href":"https:\/\/radiocristonosune.org\/en\/wp-json\/wp\/v2\/types\/page"}],"author":[{"embeddable":true,"href":"https:\/\/radiocristonosune.org\/en\/wp-json\/wp\/v2\/users\/1"}],"replies":[{"embeddable":true,"href":"https:\/\/radiocristonosune.org\/en\/wp-json\/wp\/v2\/comments?post=423"}],"version-history":[{"count":0,"href":"https:\/\/radiocristonosune.org\/en\/wp-json\/wp\/v2\/pages\/423\/revisions"}],"wp:attachment":[{"href":"https:\/\/radiocristonosune.org\/en\/wp-json\/wp\/v2\/media?parent=423"}],"curies":[{"name":"wp","href":"https:\/\/api.w.org\/{rel}","templated":true}]}}